{"id":16501,"date":"2025-10-06T12:14:13","date_gmt":"2025-10-06T12:14:13","guid":{"rendered":"https:\/\/www.fondazionemorragreco.com\/activities\/civilta-del-digitale\/"},"modified":"2026-03-28T16:56:08","modified_gmt":"2026-03-28T16:56:08","slug":"civilta-del-digitale","status":"publish","type":"activities","link":"https:\/\/www.fondazionemorragreco.com\/en\/activities\/civilta-del-digitale\/","title":{"rendered":"Civilt\u00e0 del Digitale"},"content":{"rendered":"\n<div class=\"wp-block-uagb-advanced-heading uagb-block-ee250198 uag-hide-tab uag-hide-mob\"><h1 class=\"uagb-heading-text\">Civilt\u00e0 del Digitale<\/h1><\/div>\n\n\n\n<div class=\"wp-block-uagb-advanced-heading uagb-block-5cff258e uag-hide-desktop\"><h2 class=\"uagb-heading-text\">Civilt\u00e0 del Digitale<\/h2><\/div>\n\n\n\n<div class=\"wp-block-uagb-container uagb-block-a6eca924 alignfull uagb-is-root-container\"><div class=\"uagb-container-inner-blocks-wrap\">\n<div class=\"wp-block-uagb-container uagb-block-0358caad\"><\/div>\n\n\n\n<div class=\"wp-block-uagb-container uagb-block-c65e1393\"><acf-view-69c7eeaa0e29e class=\"acf-view acf-view--id--69c7eeaa0e29e acf-view--object-id--16501\"><p class=\"acf-view__data\">15.10.2025<\/p><\/acf-view-69c7eeaa0e29e>\n\n<\/div>\n<\/div><\/div>\n\n\n\n<div class=\"wp-block-uagb-container uagb-block-012b910d alignfull uagb-is-root-container\"><div class=\"uagb-container-inner-blocks-wrap\">\n<div class=\"wp-block-uagb-container uagb-block-1a30a2df\"><acf-view-69c7e4f2dc843 class=\"acf-view acf-view--id--69c7e4f2dc843 acf-view--object-id--16501\"><p class=\"acf-view__sottotitolo\">La visione del domani secondo i giovani<\/p><div class=\"acf-view__altro\"><p><img loading=\"lazy\" decoding=\"async\" class=\"alignleft size-large wp-image-16531\" src=\"https:\/\/www.fondazionemorragreco.com\/wp-content\/uploads\/2025\/10\/Locandina_CiviltaDelDigitale_FondazioneMorraGreco-1-819x1024.jpg\" alt=\"\" width=\"640\" height=\"800\" srcset=\"https:\/\/www.fondazionemorragreco.com\/wp-content\/uploads\/2025\/10\/Locandina_CiviltaDelDigitale_FondazioneMorraGreco-1-819x1024.jpg 819w, https:\/\/www.fondazionemorragreco.com\/wp-content\/uploads\/2025\/10\/Locandina_CiviltaDelDigitale_FondazioneMorraGreco-1-240x300.jpg 240w, https:\/\/www.fondazionemorragreco.com\/wp-content\/uploads\/2025\/10\/Locandina_CiviltaDelDigitale_FondazioneMorraGreco-1-768x960.jpg 768w, https:\/\/www.fondazionemorragreco.com\/wp-content\/uploads\/2025\/10\/Locandina_CiviltaDelDigitale_FondazioneMorraGreco-1.jpg 1080w\" sizes=\"auto, (max-width: 640px) 100vw, 640px\" \/><\/p>\n<h4><\/h4>\n<h4><\/h4>\n<h4><\/h4>\n<h4><\/h4>\n<h4><\/h4>\n<h4><\/h4>\n<h4><\/h4>\n<h4><\/h4>\n<h4><\/h4>\n<h4><\/h4>\n<h4><\/h4>\n<h4><\/h4>\n<h4><\/h4>\n<h4><\/h4>\n<h4><\/h4>\n<h4><\/h4>\n<h4><\/h4>\n<h4 style=\"text-align: left;\"><\/h4>\n<\/div><\/acf-view-69c7e4f2dc843><\/div>\n\n\n\n<div class=\"wp-block-uagb-container uagb-block-c1d51e25\">\n<div class=\"fmg-archive-wrapper\" style=\"font-family:'Montserrat', sans-serif; max-width:1100px; margin:0 auto;\"><div class=\"fmg-text-block\" style=\"margin-bottom:30px; line-height:1.8;\"><p>On October 15, 2025, starting at 3:00 PM, Fondazione Morra Greco will host the event <em>Civilt\u00e0 del Digitale<\/em>, organized in collaboration with <strong>Futuri Probabili \u2013 Association for the Development of Human Capital<\/strong>, chaired by <strong>Luciano Violante<\/strong>.<\/p>\n<p>The initiative is entirely dedicated to young people and their role in building a more conscious, inclusive, and participatory digital future.<\/p>\n<p>The goal of the event is to give space to the visions, expectations, and experiences of the new generations, promoting a dialogue between art, education, and the digital world. Within this framework, the <strong>Italian premiere of the video installation Futuri Probabili<\/strong>\u00a0will be presented. The work was previously exhibited at the Italy Pavilion of Expo Osaka, as part of the international exhibition <em>Designing Future Society for Our Lives<\/em>.<\/p>\n<p>The installation features the faces, voices, and thoughts of around 40 young people from diverse backgrounds. For the occasion, new interviews will be recorded with the young audience in attendance, as part of the Futuri Probabili project. Students from <strong>Suor Orsola Benincasa University<\/strong> (Pedagogy of Organizations and Communication and Digital Cultures courses) and the <strong>Academy of Fine Arts in Naples<\/strong> (Department of Visual Arts, coordinated by Prof. <strong>Rino Squillante<\/strong>) will also take part. The result is a collective and immersive narrative that explores the relationship between present and future through a deeply human and critical lens on a rapidly changing world.<\/p>\n<p>The event also marks the relaunch of the <strong>EDI Global Forum<\/strong> network\u2014an international platform promoted by Fondazione Morra Greco to develop new educational models based on accessibility, participation, and the integration of artistic languages with digital tools. Within this broader framework lies the work of the <em>embodied education<\/em> research group, led by Prof. <strong>Maria D\u2019Ambrosio<\/strong>, which explores a sensitive and performative pedagogy that values the bodily, relational, and creative dimensions of learning, also through digital means.<\/p>\n<h3><strong>Event Program<\/strong><\/h3>\n<ul>\n<li><strong>3:00 PM \u2013 Screening of the Video Installation<\/strong><br \/>\nOn the third floor of Palazzo Caracciolo di Avellino, visitors will be able to experience <em>Futuri Probabili<\/em>, a multimedia installation that projects the testimonies of the young participants in large format, offering an immersive and engaging experience.<\/li>\n<li><strong>Listening Workshop \u2013 A Participatory \u201cBehind the Scenes\u201d<\/strong><br \/>\nFollowing the screening, the backstage of the video installation will be transformed into an <strong>active listening workshop<\/strong>. Participants will have the opportunity to take part in the creation of new interviews, experiencing first-hand the creative process behind the project.<\/li>\n<li><strong>5:30 PM \u2013 Final Conversation: Art, Education, and the Future<\/strong><br \/>\nThe event will conclude with an <strong>open discussion<\/strong> on the relationship between art, education, and digital culture. Speakers will include Luciano Violante, Maria D\u2019Ambrosio, and Rino Squillante, along with students and young participants, engaging in a collective dialogue that will officially relaunch the activities of the EDI Global Forum. The conversation will close with a final address by President Luciano Violante.<\/li>\n<\/ul>\n<hr data-start=\"3265\" data-end=\"3268\" \/>\n<p data-start=\"3270\" data-end=\"3450\"><strong>Civilt\u00e0 del Digitale<\/strong> is an invitation to imagine and build, together with the new generations, a digital culture rooted in creativity, awareness, and active\u00a0participation.<\/p>\n<\/div><div style=\"height:40px;\"><\/div><div class=\"fmg-text-block\" style=\"margin-bottom:30px; line-height:1.8;\"><p>Project co-financed using FSC 2021\/2027 resources, DGR 616 2024. Piano Strategico Cultura e Turismo 2024\/2025 &#8211; Progetto Global Forum Mostre d&#8217;arte contemporanea\u00a0EDI\u00a02025.<\/p>\n<\/div><div style=\"height:40px;\"><\/div><div class=\"fmg-text-block\" style=\"margin-bottom:30px; line-height:1.8;\"><h4 style=\"text-align: left;\"><span style=\"text-decoration: underline;\"><a href=\"https:\/\/www.fondazionemorragreco.com\/wp-content\/uploads\/2025\/10\/Press-Release_Civilta-del-Digitale.-Young-peoples-vision-of-tomorrow_FMG_eng.pdf\" target=\"_blank\" rel=\"noopener\"><strong>Read the Press Release<\/strong><\/a><\/span><\/h4>\n<\/div><div style=\"height:40px;\"><\/div><div class=\"mansory\" data-fancybox=\"gallery\" style=\"display: grid; grid-template-columns: repeat(auto-fill, minmax(300px, 1fr)); gap: 15px; margin: 40px 0;\"><div class=\"item\"><a class=\"fancybox\" href=\"https:\/\/www.fondazionemorragreco.com\/wp-content\/uploads\/2025\/10\/1.Civilta-del-Digitale_Fondazione-Morra-Greco.jpg\" data-fancybox=\"gallery-item\"><img decoding=\"async\" src=\"https:\/\/www.fondazionemorragreco.com\/wp-content\/uploads\/2025\/10\/1.Civilta-del-Digitale_Fondazione-Morra-Greco.jpg\" alt=\"\" style=\"width:100%; height:auto; display:block; border-radius:2px;\"><\/a><\/div><div class=\"item\"><a class=\"fancybox\" href=\"https:\/\/www.fondazionemorragreco.com\/wp-content\/uploads\/2025\/10\/2.Civilta-del-Digitale_Fondazione-Morra-Greco.jpg\" data-fancybox=\"gallery-item\"><img decoding=\"async\" src=\"https:\/\/www.fondazionemorragreco.com\/wp-content\/uploads\/2025\/10\/2.Civilta-del-Digitale_Fondazione-Morra-Greco.jpg\" alt=\"\" style=\"width:100%; height:auto; display:block; border-radius:2px;\"><\/a><\/div><div class=\"item\"><a class=\"fancybox\" href=\"https:\/\/www.fondazionemorragreco.com\/wp-content\/uploads\/2025\/10\/3.Civilta-del-Digitale_Fondazione-Morra-Greco.jpg\" data-fancybox=\"gallery-item\"><img decoding=\"async\" src=\"https:\/\/www.fondazionemorragreco.com\/wp-content\/uploads\/2025\/10\/3.Civilta-del-Digitale_Fondazione-Morra-Greco.jpg\" alt=\"\" style=\"width:100%; height:auto; display:block; border-radius:2px;\"><\/a><\/div><div class=\"item\"><a class=\"fancybox\" href=\"https:\/\/www.fondazionemorragreco.com\/wp-content\/uploads\/2025\/10\/4.Civilta-del-Digitale_Fondazione-Morra-Greco.jpg\" data-fancybox=\"gallery-item\"><img decoding=\"async\" src=\"https:\/\/www.fondazionemorragreco.com\/wp-content\/uploads\/2025\/10\/4.Civilta-del-Digitale_Fondazione-Morra-Greco.jpg\" alt=\"\" style=\"width:100%; height:auto; display:block; border-radius:2px;\"><\/a><\/div><div class=\"item\"><a class=\"fancybox\" href=\"https:\/\/www.fondazionemorragreco.com\/wp-content\/uploads\/2025\/10\/5.Civilta-del-Digitale_Fondazione-Morra-Greco.jpg\" data-fancybox=\"gallery-item\"><img decoding=\"async\" src=\"https:\/\/www.fondazionemorragreco.com\/wp-content\/uploads\/2025\/10\/5.Civilta-del-Digitale_Fondazione-Morra-Greco.jpg\" alt=\"\" style=\"width:100%; height:auto; display:block; border-radius:2px;\"><\/a><\/div><div class=\"item\"><a class=\"fancybox\" href=\"https:\/\/www.fondazionemorragreco.com\/wp-content\/uploads\/2025\/10\/6.Civilta-del-Digitale_Fondazione-Morra-Greco.jpg\" data-fancybox=\"gallery-item\"><img decoding=\"async\" src=\"https:\/\/www.fondazionemorragreco.com\/wp-content\/uploads\/2025\/10\/6.Civilta-del-Digitale_Fondazione-Morra-Greco.jpg\" alt=\"\" style=\"width:100%; height:auto; display:block; border-radius:2px;\"><\/a><\/div><div class=\"item\"><a class=\"fancybox\" href=\"https:\/\/www.fondazionemorragreco.com\/wp-content\/uploads\/2025\/10\/7.Civilta-del-Digitale_Fondazione-Morra-Greco.jpg\" data-fancybox=\"gallery-item\"><img decoding=\"async\" src=\"https:\/\/www.fondazionemorragreco.com\/wp-content\/uploads\/2025\/10\/7.Civilta-del-Digitale_Fondazione-Morra-Greco.jpg\" alt=\"\" style=\"width:100%; height:auto; display:block; border-radius:2px;\"><\/a><\/div><div class=\"item\"><a class=\"fancybox\" href=\"https:\/\/www.fondazionemorragreco.com\/wp-content\/uploads\/2025\/10\/8.Civilta-del-Digitale_Fondazione-Morra-Greco.jpg\" data-fancybox=\"gallery-item\"><img decoding=\"async\" src=\"https:\/\/www.fondazionemorragreco.com\/wp-content\/uploads\/2025\/10\/8.Civilta-del-Digitale_Fondazione-Morra-Greco.jpg\" alt=\"\" style=\"width:100%; height:auto; display:block; border-radius:2px;\"><\/a><\/div><div class=\"item\"><a class=\"fancybox\" href=\"https:\/\/www.fondazionemorragreco.com\/wp-content\/uploads\/2025\/10\/9.Civilta-del-Digitale_Fondazione-Morra-Greco.jpg\" data-fancybox=\"gallery-item\"><img decoding=\"async\" src=\"https:\/\/www.fondazionemorragreco.com\/wp-content\/uploads\/2025\/10\/9.Civilta-del-Digitale_Fondazione-Morra-Greco.jpg\" alt=\"\" style=\"width:100%; height:auto; display:block; border-radius:2px;\"><\/a><\/div><div class=\"item\"><a class=\"fancybox\" href=\"https:\/\/www.fondazionemorragreco.com\/wp-content\/uploads\/2025\/10\/10.Civilta-del-Digitale_Fondazione-Morra-Greco.jpg\" data-fancybox=\"gallery-item\"><img decoding=\"async\" src=\"https:\/\/www.fondazionemorragreco.com\/wp-content\/uploads\/2025\/10\/10.Civilta-del-Digitale_Fondazione-Morra-Greco.jpg\" alt=\"\" style=\"width:100%; height:auto; display:block; border-radius:2px;\"><\/a><\/div><\/div><div style=\"height:40px;\"><\/div><div class=\"fmg-text-block\" style=\"margin-bottom:30px; line-height:1.8;\"><p>Photos Courtesy Fondazione Morra Greco<\/p>\n<\/div><\/div>\n<\/div>\n<\/div><\/div>\n","protected":false},"featured_media":0,"template":"","meta":{"_acf_changed":false,"_uag_custom_page_level_css":""},"eventi_passati":[],"class_list":["post-16501","activities","type-activities","status-publish","hentry"],"blocksy_meta":[],"acf":[],"yoast_head":"<!-- This site is optimized with the Yoast SEO plugin v27.4 - https:\/\/yoast.com\/product\/yoast-seo-wordpress\/ -->\n<title>Civilt\u00e0 del Digitale - FONDAZIONE MORRA GRECO<\/title>\n<meta name=\"robots\" content=\"noindex, follow\" \/>\n<meta property=\"og:locale\" content=\"en_US\" \/>\n<meta property=\"og:type\" content=\"article\" \/>\n<meta property=\"og:title\" content=\"Civilt\u00e0 del Digitale - FONDAZIONE MORRA GRECO\" \/>\n<meta property=\"og:description\" content=\"Civilt\u00e0 del Digitale Civilt\u00e0 del Digitale\" \/>\n<meta property=\"og:url\" content=\"https:\/\/www.fondazionemorragreco.com\/en\/activities\/civilta-del-digitale\/\" \/>\n<meta property=\"og:site_name\" content=\"FONDAZIONE MORRA GRECO\" \/>\n<meta property=\"article:modified_time\" content=\"2026-03-28T16:56:08+00:00\" \/>\n<meta name=\"twitter:card\" content=\"summary_large_image\" \/>\n<script type=\"application\/ld+json\" class=\"yoast-schema-graph\">{\"@context\":\"https:\\\/\\\/schema.org\",\"@graph\":[{\"@type\":\"WebPage\",\"@id\":\"https:\\\/\\\/www.fondazionemorragreco.com\\\/en\\\/activities\\\/civilta-del-digitale\\\/\",\"url\":\"https:\\\/\\\/www.fondazionemorragreco.com\\\/en\\\/activities\\\/civilta-del-digitale\\\/\",\"name\":\"Civilt\u00e0 del Digitale - FONDAZIONE MORRA GRECO\",\"isPartOf\":{\"@id\":\"https:\\\/\\\/www.fondazionemorragreco.com\\\/#website\"},\"datePublished\":\"2025-10-06T12:14:13+00:00\",\"dateModified\":\"2026-03-28T16:56:08+00:00\",\"breadcrumb\":{\"@id\":\"https:\\\/\\\/www.fondazionemorragreco.com\\\/en\\\/activities\\\/civilta-del-digitale\\\/#breadcrumb\"},\"inLanguage\":\"en-US\",\"potentialAction\":[{\"@type\":\"ReadAction\",\"target\":[\"https:\\\/\\\/www.fondazionemorragreco.com\\\/en\\\/activities\\\/civilta-del-digitale\\\/\"]}]},{\"@type\":\"BreadcrumbList\",\"@id\":\"https:\\\/\\\/www.fondazionemorragreco.com\\\/en\\\/activities\\\/civilta-del-digitale\\\/#breadcrumb\",\"itemListElement\":[{\"@type\":\"ListItem\",\"position\":1,\"name\":\"Home\",\"item\":\"https:\\\/\\\/www.fondazionemorragreco.com\\\/en\\\/\"},{\"@type\":\"ListItem\",\"position\":2,\"name\":\"Civilt\u00e0 del Digitale\"}]},{\"@type\":\"WebSite\",\"@id\":\"https:\\\/\\\/www.fondazionemorragreco.com\\\/#website\",\"url\":\"https:\\\/\\\/www.fondazionemorragreco.com\\\/\",\"name\":\"FONDAZIONE MORRA GRECO\",\"description\":\"\",\"publisher\":{\"@id\":\"https:\\\/\\\/www.fondazionemorragreco.com\\\/#organization\"},\"potentialAction\":[{\"@type\":\"SearchAction\",\"target\":{\"@type\":\"EntryPoint\",\"urlTemplate\":\"https:\\\/\\\/www.fondazionemorragreco.com\\\/?s={search_term_string}\"},\"query-input\":{\"@type\":\"PropertyValueSpecification\",\"valueRequired\":true,\"valueName\":\"search_term_string\"}}],\"inLanguage\":\"en-US\"},{\"@type\":\"Organization\",\"@id\":\"https:\\\/\\\/www.fondazionemorragreco.com\\\/#organization\",\"name\":\"FONDAZIONE MORRA GRECO\",\"url\":\"https:\\\/\\\/www.fondazionemorragreco.com\\\/\",\"logo\":{\"@type\":\"ImageObject\",\"inLanguage\":\"en-US\",\"@id\":\"https:\\\/\\\/www.fondazionemorragreco.com\\\/#\\\/schema\\\/logo\\\/image\\\/\",\"url\":\"https:\\\/\\\/www.fondazionemorragreco.com\\\/wp-content\\\/uploads\\\/2019\\\/05\\\/FMG_logo@2x.png\",\"contentUrl\":\"https:\\\/\\\/www.fondazionemorragreco.com\\\/wp-content\\\/uploads\\\/2019\\\/05\\\/FMG_logo@2x.png\",\"width\":730,\"height\":122,\"caption\":\"FONDAZIONE MORRA GRECO\"},\"image\":{\"@id\":\"https:\\\/\\\/www.fondazionemorragreco.com\\\/#\\\/schema\\\/logo\\\/image\\\/\"}}]}<\/script>\n<!-- \/ Yoast SEO plugin. -->","yoast_head_json":{"title":"Civilt\u00e0 del Digitale - FONDAZIONE MORRA GRECO","robots":{"index":"noindex","follow":"follow"},"og_locale":"en_US","og_type":"article","og_title":"Civilt\u00e0 del Digitale - FONDAZIONE MORRA GRECO","og_description":"Civilt\u00e0 del Digitale Civilt\u00e0 del Digitale","og_url":"https:\/\/www.fondazionemorragreco.com\/en\/activities\/civilta-del-digitale\/","og_site_name":"FONDAZIONE MORRA GRECO","article_modified_time":"2026-03-28T16:56:08+00:00","twitter_card":"summary_large_image","schema":{"@context":"https:\/\/schema.org","@graph":[{"@type":"WebPage","@id":"https:\/\/www.fondazionemorragreco.com\/en\/activities\/civilta-del-digitale\/","url":"https:\/\/www.fondazionemorragreco.com\/en\/activities\/civilta-del-digitale\/","name":"Civilt\u00e0 del Digitale - FONDAZIONE MORRA GRECO","isPartOf":{"@id":"https:\/\/www.fondazionemorragreco.com\/#website"},"datePublished":"2025-10-06T12:14:13+00:00","dateModified":"2026-03-28T16:56:08+00:00","breadcrumb":{"@id":"https:\/\/www.fondazionemorragreco.com\/en\/activities\/civilta-del-digitale\/#breadcrumb"},"inLanguage":"en-US","potentialAction":[{"@type":"ReadAction","target":["https:\/\/www.fondazionemorragreco.com\/en\/activities\/civilta-del-digitale\/"]}]},{"@type":"BreadcrumbList","@id":"https:\/\/www.fondazionemorragreco.com\/en\/activities\/civilta-del-digitale\/#breadcrumb","itemListElement":[{"@type":"ListItem","position":1,"name":"Home","item":"https:\/\/www.fondazionemorragreco.com\/en\/"},{"@type":"ListItem","position":2,"name":"Civilt\u00e0 del Digitale"}]},{"@type":"WebSite","@id":"https:\/\/www.fondazionemorragreco.com\/#website","url":"https:\/\/www.fondazionemorragreco.com\/","name":"FONDAZIONE MORRA GRECO","description":"","publisher":{"@id":"https:\/\/www.fondazionemorragreco.com\/#organization"},"potentialAction":[{"@type":"SearchAction","target":{"@type":"EntryPoint","urlTemplate":"https:\/\/www.fondazionemorragreco.com\/?s={search_term_string}"},"query-input":{"@type":"PropertyValueSpecification","valueRequired":true,"valueName":"search_term_string"}}],"inLanguage":"en-US"},{"@type":"Organization","@id":"https:\/\/www.fondazionemorragreco.com\/#organization","name":"FONDAZIONE MORRA GRECO","url":"https:\/\/www.fondazionemorragreco.com\/","logo":{"@type":"ImageObject","inLanguage":"en-US","@id":"https:\/\/www.fondazionemorragreco.com\/#\/schema\/logo\/image\/","url":"https:\/\/www.fondazionemorragreco.com\/wp-content\/uploads\/2019\/05\/FMG_logo@2x.png","contentUrl":"https:\/\/www.fondazionemorragreco.com\/wp-content\/uploads\/2019\/05\/FMG_logo@2x.png","width":730,"height":122,"caption":"FONDAZIONE MORRA GRECO"},"image":{"@id":"https:\/\/www.fondazionemorragreco.com\/#\/schema\/logo\/image\/"}}]}},"uagb_featured_image_src":{"full":false,"thumbnail":false,"medium":false,"medium_large":false,"large":false,"1536x1536":false,"2048x2048":false},"uagb_author_info":{"display_name":"Admin","author_link":"https:\/\/www.fondazionemorragreco.com\/en\/author\/"},"uagb_comment_info":0,"uagb_excerpt":"Civilt\u00e0 del Digitale Civilt\u00e0 del Digitale","_links":{"self":[{"href":"https:\/\/www.fondazionemorragreco.com\/en\/wp-json\/wp\/v2\/activities\/16501","targetHints":{"allow":["GET"]}}],"collection":[{"href":"https:\/\/www.fondazionemorragreco.com\/en\/wp-json\/wp\/v2\/activities"}],"about":[{"href":"https:\/\/www.fondazionemorragreco.com\/en\/wp-json\/wp\/v2\/types\/activities"}],"wp:attachment":[{"href":"https:\/\/www.fondazionemorragreco.com\/en\/wp-json\/wp\/v2\/media?parent=16501"}],"wp:term":[{"taxonomy":"eventi_passati","embeddable":true,"href":"https:\/\/www.fondazionemorragreco.com\/en\/wp-json\/wp\/v2\/eventi_passati?post=16501"}],"curies":[{"name":"wp","href":"https:\/\/api.w.org\/{rel}","templated":true}]}}